{"id":5045,"date":"2023-09-14T10:55:37","date_gmt":"2023-09-14T09:55:37","guid":{"rendered":"http:\/\/www.prolingua.info\/?page_id=5045"},"modified":"2023-09-14T10:55:37","modified_gmt":"2023-09-14T09:55:37","slug":"uber-uns","status":"publish","type":"page","link":"https:\/\/prolingua.info\/de\/uber-uns\/","title":{"rendered":"\u00dcber uns"},"content":{"rendered":"<p>   Anl\u00e4sslich des 30. Jahrestages der Gr\u00fcndung der Philosophisch-Naturwissenschaftlichen Fakult\u00e4t der Schlesischen Universit\u00e4t in Opava wurde am Institut f\u00fcr Fremdsprachen das Sprach-, Kultur- und Methodikzentrum<strong><em> Pro Lingua<\/em><\/strong> gegr\u00fcndet.<\/p>\n<p>Die Hauptaufgabe des Zentrums besteht darin, das Interesse am Erlernen von Sprachen, insbesondere von Deutsch, Italienisch und Englisch, zu st\u00e4rken und Lehrern, Sch\u00fclern und Studenten aller Schulstufen durch die Organisation von Vortr\u00e4gen und Seminaren tschechischer und ausl\u00e4ndischer Experten professionelle Unterst\u00fctzung zu bieten.<\/p>\n<p><strong><em> Pro Lingua<\/em><\/strong> wird die Aktivit\u00e4ten fortsetzen, die das Institut f\u00fcr Fremdsprachen dank der Unterst\u00fctzung des Innenministeriums, des Goethe-Instituts Prag, des DAAD und des Hueber-Verlags seit vielen Jahren f\u00fcr Lehrer und Freunde der deutschen Sprache organisiert \u00a0\u0336 den &#8220;<em>Stammtisch<\/em>&#8221; der Deutschlehrer, deutsche Filmvorf\u00fchrungen &#8220;<em>Filmclub<\/em>&#8220;, die Lese- und Dramatisierungswettbewerbe &#8220;<em>Wer wird Lese-Superstar<\/em>&#8220;, den Wettbewerb &#8220;<em>Witzige Texte<\/em>&#8220;, die Motivationsveranstaltungen f\u00fcr Grund- und Mittelsch\u00fcler aus der Region &#8220;<em>Deutsch ist super<\/em>&#8221; oder die Zusammenarbeit im Rahmen der Kampagne &#8220;<em>\u0160precht\u00edme<\/em>&#8220;. Nicht zuletzt organisiert <strong><em> Pro Lingua<\/em><\/strong> die traditionelle \u201e<em>Lange Nacht der kurzen Texte<\/em>&#8221; f\u00fcr deutschsprachbegeisterte Sch\u00fclerinnen und Sch\u00fcler, Lehrerinnen und Lehrer und die breite \u00d6ffentlichkeit.<\/p>\n<p>Zu den Aktivit\u00e4ten des neuen Zentrums geh\u00f6ren weiterhin Bildungsveranstaltungen sowie regelm\u00e4\u00dfige Treffen von Fremdsprachenlehrenden, ein Filmklub, ein Kinderklub, Wettbewerbe, Motivationsveranstaltungen f\u00fcr Schulen und einmalige Beratungen einschlie\u00dflich Talentdiagnostik. Dank der Unterst\u00fctzung der Fakult\u00e4tsleitung gibt es auch eine neue M\u00f6glichkeit, sich direkt in den R\u00e4umen der Schlesischen Universit\u00e4t in Opava zu treffen.<\/p>\n<p>Die R\u00e4ume, in denen sich Deutschinteressierte treffen k\u00f6nnen, wurden dank finanzieller Zuwendungen der Gemeinn\u00fctzigen Hermann-Niermann-Stiftung mit Sitz in D\u00fcsseldorf (Bundesrepublik Deutschland) und des Goethe-Instituts in Prag (Tschechien) mit moderner Technik, M\u00f6beln, B\u00fcchern und Hilfsmitteln ausgestattet.   <\/p>\n","protected":false},"excerpt":{"rendered":"<p>Anl\u00e4sslich des 30. Jahrestages der Gr\u00fcndung der Philosophisch-Naturwissenschaftlichen Fakult\u00e4t der Schlesischen Universit\u00e4t in Opava wurde am Institut f\u00fcr Fremdsprachen das Sprach-, Kultur- und Methodikzentrum Pro Lingua gegr\u00fcndet. Die Hauptaufgabe des Zentrums besteht darin, das Interesse am Erlernen von Sprachen, insbesondere von Deutsch, Italienisch und Englisch, zu st\u00e4rken und Lehrern, Sch\u00fclern und Studenten aller Schulstufen durch [&hellip;]<\/p>\n","protected":false},"author":1,"featured_media":0,"parent":0,"menu_order":0,"comment_status":"closed","ping_status":"closed","template":"","meta":{"inline_featured_image":false,"footnotes":""},"class_list":["post-5045","page","type-page","status-publish","hentry"],"_links":{"self":[{"href":"https:\/\/prolingua.info\/de\/wp-json\/wp\/v2\/pages\/5045","targetHints":{"allow":["GET"]}}],"collection":[{"href":"https:\/\/prolingua.info\/de\/wp-json\/wp\/v2\/pages"}],"about":[{"href":"https:\/\/prolingua.info\/de\/wp-json\/wp\/v2\/types\/page"}],"author":[{"embeddable":true,"href":"https:\/\/prolingua.info\/de\/wp-json\/wp\/v2\/users\/1"}],"replies":[{"embeddable":true,"href":"https:\/\/prolingua.info\/de\/wp-json\/wp\/v2\/comments?post=5045"}],"version-history":[{"count":0,"href":"https:\/\/prolingua.info\/de\/wp-json\/wp\/v2\/pages\/5045\/revisions"}],"wp:attachment":[{"href":"https:\/\/prolingua.info\/de\/wp-json\/wp\/v2\/media?parent=5045"}],"curies":[{"name":"wp","href":"https:\/\/api.w.org\/{rel}","templated":true}]}}